{"id":616,"date":"2021-05-12T04:59:15","date_gmt":"2021-05-12T04:59:15","guid":{"rendered":"https:\/\/chezgn.fr\/?page_id=616"},"modified":"2026-03-18T21:03:05","modified_gmt":"2026-03-18T21:03:05","slug":"qui-somme-nous-2","status":"publish","type":"page","link":"https:\/\/chezgn.fr\/?page_id=616","title":{"rendered":"Qui sommes-nous"},"content":{"rendered":"\n<div class=\"wp-block-uagb-container uagb-block-4647fab8 alignfull uagb-is-root-container\"><div class=\"uagb-container-inner-blocks-wrap\">\n<div class=\"wp-block-uagb-advanced-heading uagb-block-6533e1ae\"><h1 class=\"uagb-heading-text\"><a href=\"https:\/\/chezgn.fr\/?page_id=616\">QUI SOMMES-NOUS ?<\/a><\/h1><\/div>\n<\/div><\/div>\n\n\n\n<div style=\"height:100px\" aria-hidden=\"true\" class=\"wp-block-spacer\"><\/div>\n\n\n\n\n\n<div style=\"height:20px\" aria-hidden=\"true\" class=\"wp-block-spacer\"><\/div>\n\n\n\n<div class=\"wp-block-columns alignwide is-layout-flex wp-container-core-columns-is-layout-28f84493 wp-block-columns-is-layout-flex\">\n<div class=\"wp-block-column is-layout-flow wp-block-column-is-layout-flow\" style=\"flex-basis:33.33%\">\n<figure class=\"wp-block-image size-full is-resized has-custom-border is-style-rounded\"><img loading=\"lazy\" decoding=\"async\" width=\"1000\" height=\"1000\" src=\"https:\/\/chezgn.fr\/wp-content\/uploads\/2024\/03\/Chez-gn-34.png\" alt=\"\" class=\"wp-image-1717\" style=\"border-style:none;border-width:0px;width:298px;height:auto\" srcset=\"https:\/\/chezgn.fr\/wp-content\/uploads\/2024\/03\/Chez-gn-34.png 1000w, https:\/\/chezgn.fr\/wp-content\/uploads\/2024\/03\/Chez-gn-34-300x300.png 300w, https:\/\/chezgn.fr\/wp-content\/uploads\/2024\/03\/Chez-gn-34-150x150.png 150w, https:\/\/chezgn.fr\/wp-content\/uploads\/2024\/03\/Chez-gn-34-768x768.png 768w\" sizes=\"auto, (max-width: 1000px) 100vw, 1000px\" \/><\/figure>\n<\/div>\n\n\n\n<div class=\"wp-block-column is-layout-flow wp-block-column-is-layout-flow\" style=\"flex-basis:66.66%\">\n<h2 class=\"wp-block-heading\" style=\"font-size:45px\">Chef cuisinier &amp; Co-fondateur<\/h2>\n\n\n\n<div class=\"wp-block-columns is-layout-flex wp-container-core-columns-is-layout-28f84493 wp-block-columns-is-layout-flex\">\n<div class=\"wp-block-column is-layout-flow wp-block-column-is-layout-flow\" style=\"flex-basis:95%\">\n<div class=\"wp-block-columns is-layout-flex wp-container-core-columns-is-layout-28f84493 wp-block-columns-is-layout-flex\">\n<div class=\"wp-block-column is-layout-flow wp-block-column-is-layout-flow\" style=\"flex-basis:5%\">\n<figure class=\"wp-block-image size-large is-resized\"><img loading=\"lazy\" decoding=\"async\" width=\"474\" height=\"1024\" src=\"https:\/\/chezgn.fr\/wp-content\/uploads\/2024\/03\/Logos-GN-10.pdf-4-474x1024.png\" alt=\"\" class=\"wp-image-1607\" style=\"width:55px;height:auto\" srcset=\"https:\/\/chezgn.fr\/wp-content\/uploads\/2024\/03\/Logos-GN-10.pdf-4-474x1024.png 474w, https:\/\/chezgn.fr\/wp-content\/uploads\/2024\/03\/Logos-GN-10.pdf-4-139x300.png 139w, https:\/\/chezgn.fr\/wp-content\/uploads\/2024\/03\/Logos-GN-10.pdf-4.png 500w\" sizes=\"auto, (max-width: 474px) 100vw, 474px\" \/><\/figure>\n<\/div>\n\n\n\n<div class=\"wp-block-column is-layout-flow wp-container-core-column-is-layout-92d440f1 wp-block-column-is-layout-flow\" style=\"padding-top:0;padding-bottom:0;flex-basis:95%\">\n<div style=\"height:16px\" aria-hidden=\"true\" class=\"wp-block-spacer\"><\/div>\n\n\n\n<h3 class=\"wp-block-heading\" style=\"margin-right:0;margin-left:0;padding-right:0;padding-left:0;font-size:30px\"><strong>racjan PINATEL<\/strong><\/h3>\n<\/div>\n<\/div>\n\n\n\n<div style=\"height:5px\" aria-hidden=\"true\" class=\"wp-block-spacer\"><\/div>\n\n\n\n<p>Rencontrez notre chef, dont le talent culinaire s&rsquo;est affin\u00e9 \u00e0 travers un parcours distingu\u00e9. Form\u00e9 dans l&rsquo;excellence de la restauration, il a brill\u00e9 dans les cuisines de lieux d&rsquo;exception tels que l&rsquo;Ursus \u00e0 Tignes, le Quatri\u00e8me Mur \u00e0 Bordeaux, et le Logis de la Cad\u00e8ne \u00e0 Saint-\u00c9milion. Sa riche exp\u00e9rience dans ces \u00e9tablissements, promet une aventure gastronomique inoubliable \u00e0 chaque visite chez GN.<\/p>\n\n\n\n<p>Plats classiques de notre enfance ou des nouvelles associations, le chef est sans cesse dans la recherche de l&rsquo;excellence.<\/p>\n<\/div>\n<\/div>\n<\/div>\n<\/div>\n\n\n\n<div class=\"wp-block-columns alignwide is-layout-flex wp-container-core-columns-is-layout-28f84493 wp-block-columns-is-layout-flex\">\n<div class=\"wp-block-column is-layout-flow wp-block-column-is-layout-flow\" style=\"flex-basis:66.66%\">\n<h2 class=\"wp-block-heading\" style=\"font-size:45px\">Reponsable salle &amp; Co-fondatrice<\/h2>\n\n\n\n<div class=\"wp-block-columns is-layout-flex wp-container-core-columns-is-layout-28f84493 wp-block-columns-is-layout-flex\">\n<div class=\"wp-block-column is-layout-flow wp-block-column-is-layout-flow\" style=\"flex-basis:5%\">\n<figure class=\"wp-block-image size-large is-resized\"><img loading=\"lazy\" decoding=\"async\" width=\"474\" height=\"1024\" src=\"https:\/\/chezgn.fr\/wp-content\/uploads\/2024\/03\/Logos-GN-10.pdf-3-474x1024.png\" alt=\"\" class=\"wp-image-1606\" style=\"width:55px;height:auto\" srcset=\"https:\/\/chezgn.fr\/wp-content\/uploads\/2024\/03\/Logos-GN-10.pdf-3-474x1024.png 474w, https:\/\/chezgn.fr\/wp-content\/uploads\/2024\/03\/Logos-GN-10.pdf-3-139x300.png 139w, https:\/\/chezgn.fr\/wp-content\/uploads\/2024\/03\/Logos-GN-10.pdf-3.png 500w\" sizes=\"auto, (max-width: 474px) 100vw, 474px\" \/><\/figure>\n<\/div>\n\n\n\n<div class=\"wp-block-column is-layout-flow wp-block-column-is-layout-flow\" style=\"flex-basis:95%\">\n<div style=\"height:18px\" aria-hidden=\"true\" class=\"wp-block-spacer\"><\/div>\n\n\n\n<h3 class=\"wp-block-heading\" style=\"margin-right:0;margin-left:0;padding-top:0;padding-right:0;padding-bottom:0;padding-left:0;font-size:30px\"><strong><strong>elly LAWISKY<\/strong><\/strong><\/h3>\n<\/div>\n<\/div>\n\n\n\n<div class=\"wp-block-columns is-layout-flex wp-container-core-columns-is-layout-28f84493 wp-block-columns-is-layout-flex\">\n<div class=\"wp-block-column is-layout-flow wp-block-column-is-layout-flow\" style=\"flex-basis:95%\">\n<p>D\u00e9couvrez notre associ\u00e9e en salle, une professionnelle au parcours atypique qui enrichit chaque service de son exp\u00e9rience unique.<\/p>\n\n\n\n<p>Form\u00e9e dans le secteur h\u00f4telier, son voyage l&rsquo;a men\u00e9e de la simplicit\u00e9 accueillante du Campanile \u00e0 l&rsquo;excellence du Trianon Palace, sans oublier la magie de Disneyland. Cette diversit\u00e9 lui conf\u00e8re une approche exceptionnellement polyvalente et innovante, garantissant une exp\u00e9rience client sans pareil chez GN.<\/p>\n<\/div>\n<\/div>\n<\/div>\n\n\n\n<div class=\"wp-block-column is-layout-flow wp-block-column-is-layout-flow\" style=\"flex-basis:33.33%\">\n<div style=\"height:7px\" aria-hidden=\"true\" class=\"wp-block-spacer\"><\/div>\n\n\n\n<figure class=\"wp-block-image size-full is-resized has-custom-border is-style-rounded\"><img loading=\"lazy\" decoding=\"async\" width=\"1000\" height=\"1000\" src=\"https:\/\/chezgn.fr\/wp-content\/uploads\/2024\/03\/Chez-gn-33.png\" alt=\"\" class=\"wp-image-1718\" style=\"border-style:none;border-width:0px;width:298px;height:auto\" srcset=\"https:\/\/chezgn.fr\/wp-content\/uploads\/2024\/03\/Chez-gn-33.png 1000w, https:\/\/chezgn.fr\/wp-content\/uploads\/2024\/03\/Chez-gn-33-300x300.png 300w, https:\/\/chezgn.fr\/wp-content\/uploads\/2024\/03\/Chez-gn-33-150x150.png 150w, https:\/\/chezgn.fr\/wp-content\/uploads\/2024\/03\/Chez-gn-33-768x768.png 768w\" sizes=\"auto, (max-width: 1000px) 100vw, 1000px\" \/><\/figure>\n<\/div>\n<\/div>\n\n\n\n<div style=\"height:100px\" aria-hidden=\"true\" class=\"wp-block-spacer\"><\/div>\n\n\n\n<h2 class=\"wp-block-heading\">Chez GN,c&rsquo;est une rencontre, une alchimie et une passion pour la gastronomie.<\/h2>\n\n\n\n<div style=\"height:15px\" aria-hidden=\"true\" class=\"wp-block-spacer\"><\/div>\n\n\n\n<p>Notre restaurant sera donc \u00e0 notre image : authentique, gastronomique, de saison et en partenariat vers ces personnes de l&rsquo;ombre qui nous permettent de cr\u00e9er ces assiettes : producteurs, vignerons, fromagers, boulangers, couteliers, \u00e9leveurs\u2026<\/p>\n\n\n\n<p>La cuisine est faite maison, originale, go\u00fbteuse, soign\u00e9e, et \u00e9labor\u00e9e \u00e0 partir de beaux et bons produits. La plupart des produits sont de la r\u00e9gion ou des r\u00e9gions proches. Pour limiter le gaspillage, nous vous proposons un choix raisonn\u00e9 de plats avec une carte courte et renouvel\u00e9e r\u00e9guli\u00e8rement.<\/p>\n\n\n\n<div style=\"height:15px\" aria-hidden=\"true\" class=\"wp-block-spacer\"><\/div>\n\n\n\n<div style=\"height:100px\" aria-hidden=\"true\" class=\"wp-block-spacer\"><\/div>\n\n\n\n<div class=\"wp-block-cover alignwide\" style=\"border-radius:5px;margin-top:0;margin-bottom:0;padding-top:0;padding-right:0;padding-bottom:0;padding-left:0;min-height:78px;aspect-ratio:unset;\"><span aria-hidden=\"true\" class=\"wp-block-cover__background has-ast-global-color-0-background-color has-background-dim-100 has-background-dim\"><\/span><div class=\"wp-block-cover__inner-container is-layout-constrained wp-container-core-cover-is-layout-72d38984 wp-block-cover-is-layout-constrained\">\n<h2 class=\"wp-block-heading has-text-align-center has-ast-global-color-4-color has-text-color has-link-color wp-elements-ae2253259d82e172ffc73cc539e87930\">Notre histoire :<\/h2>\n<\/div><\/div>\n\n\n\n<div style=\"height:20px\" aria-hidden=\"true\" class=\"wp-block-spacer\"><\/div>\n\n\n\n<div class=\"wp-block-columns alignwide is-layout-flex wp-container-core-columns-is-layout-28f84493 wp-block-columns-is-layout-flex\">\n<div class=\"wp-block-column is-layout-flow wp-block-column-is-layout-flow\">\n<div style=\"height:68px\" aria-hidden=\"true\" class=\"wp-block-spacer\"><\/div>\n\n\n\n<h1 class=\"wp-block-heading has-text-align-center\">2023<\/h1>\n<\/div>\n\n\n\n<div class=\"wp-block-column is-layout-flow wp-block-column-is-layout-flow\" style=\"flex-basis:70%\">\n<h4 class=\"wp-block-heading\"><strong><br>Chez GN, tout a commenc\u00e9 en 2023.<\/strong><\/h4>\n\n\n\n<p>En juin 2023, notre aventure a commenc\u00e9. Mon partenaire Gracjan et moi, Nelly, avions une ambition : ouvrir un restaurant qui serait le reflet de nos valeurs profondes, telles que l&rsquo;importance des produits frais, l&rsquo;engagement envers l&rsquo;agriculture biologique et le soutien au circuit court.<\/p>\n\n\n\n<p>Nous visions \u00e0 enrichir notre offre avec un salon de th\u00e9, des brunchs et des soir\u00e9es afterwork, pour ainsi offrir une exp\u00e9rience culinaire vari\u00e9e et enrichissante \u00e0 nos futurs clients.<\/p>\n<\/div>\n<\/div>\n\n\n\n<div class=\"wp-block-columns alignwide is-layout-flex wp-container-core-columns-is-layout-28f84493 wp-block-columns-is-layout-flex\">\n<div class=\"wp-block-column is-layout-flow wp-block-column-is-layout-flow\" style=\"flex-basis:70%\">\n<h4 class=\"wp-block-heading\"><strong>Des travaux \u00e0 l&rsquo;ouverture en 2024<\/strong><\/h4>\n\n\n\n<p><\/p>\n\n\n\n<p>En f\u00e9vrier 2024, nous avons commenc\u00e9 \u00e0 transformer notre r\u00eave en r\u00e9alit\u00e9 avec le lancement des travaux de r\u00e9novation. Cette \u00e9tape d\u00e9cisive a ouvert la voie \u00e0 l&rsquo;inauguration de Chez GN.<\/p>\n\n\n\n<p>En mars 2024, l&rsquo;ouverture tant attendue le 20 mars apr\u00e8s les travaux d&#8217;embellissements .Cette ouverture a non seulement couronn\u00e9 nos efforts, mais a \u00e9galement lanc\u00e9 une nouvelle \u00e8re dans notre aventure culinaire, promettant une exp\u00e9rience in\u00e9dite aux amateurs de cuisine locale.<\/p>\n\n\n\n<p>En mai 2024, d\u00e9but du d\u00e9blaiement de la chapelle de la sorci\u00e8re de Gazinet. Plus de 15 ans de d\u00e9chets entrepos\u00e9s dans ce lieu plein d&rsquo;histoire pour la ville de Cestas. D\u00e9but du projet pour pouvoir rendre accessible cette chapelle et pouvoir vous faire d\u00e9couvrir son histoire pleine de rebondissements et de miracles.<\/p>\n\n\n\n<p>En juillet 2024, premi\u00e8re privatisation de notre restaurant avec un concert priv\u00e9 en terrasse.<\/p>\n\n\n\n<p><\/p>\n<\/div>\n\n\n\n<div class=\"wp-block-column is-layout-flow wp-block-column-is-layout-flow\">\n<h1 class=\"wp-block-heading has-text-align-center\">2024<\/h1>\n<\/div>\n<\/div>\n\n\n\n<div style=\"height:100px\" aria-hidden=\"true\" class=\"wp-block-spacer\"><\/div>\n\n\n\n<div class=\"wp-block-columns alignwide is-layout-flex wp-container-core-columns-is-layout-28f84493 wp-block-columns-is-layout-flex\">\n<div class=\"wp-block-column is-layout-flow wp-block-column-is-layout-flow\">\n<h1 class=\"wp-block-heading has-text-align-center\">2025<\/h1>\n<\/div>\n\n\n\n<div class=\"wp-block-column is-layout-flow wp-block-column-is-layout-flow\" style=\"flex-basis:70%\">\n<h4 class=\"wp-block-heading\"><strong>1er anniversaire et premi\u00e8res distinctions<\/strong><\/h4>\n\n\n\n<p><\/p>\n\n\n\n<p>En mars 2025, premier anniversaire le 20 mars apr\u00e8s une ann\u00e9e pleine en rebondissements et en d\u00e9fis de tous genre<\/p>\n\n\n\n<p>En Mai 2025, notre premi\u00e8re parution dans le petit fut\u00e9.<\/p>\n\n\n\n<p>En Juin 2025, nos nouvelles tables arrivent ! Pour rendre le restaurant \u00e0 notre image, nous commen\u00e7ons par le changement des tables pour rendre le restaurant plus chaleureux et conviviale<\/p>\n\n\n\n<p>En novembre 2025, notre premi\u00e8re distinction \u00e0 Bordeaux dans le cadre du FESTIBULLE en collaboration avec CBONBORDEAUX. Premier prix du restaurant Gastronomique<\/p>\n\n\n\n<p><\/p>\n<\/div>\n<\/div>\n\n\n\n<div class=\"wp-block-columns alignwide is-layout-flex wp-container-core-columns-is-layout-28f84493 wp-block-columns-is-layout-flex\">\n<div class=\"wp-block-column is-layout-flow wp-block-column-is-layout-flow\" style=\"flex-basis:70%\">\n<h4 class=\"wp-block-heading\"><strong>2\u00e8me ann\u00e9e<\/strong><\/h4>\n\n\n\n<p><\/p>\n\n\n\n<p>En mars 2026, avant de souffler notre deuxi\u00e8me bougie, nous entrons dans le guide MICHELIN. Une distinction qui refl\u00e8te le parcours du chef et qui nous confirme que nos projets et notre r\u00eave est en train de se confirmer.<\/p>\n\n\n\n<p>En mars 2026, deuxi\u00e8me bougie avec des \u00e9toiles dans les yeux et beaucoup d&rsquo;envies pour l&rsquo;avenir.<\/p>\n\n\n\n<p>En avril 2026, le chef sort de notre restaurant avec nos premi\u00e8res prestations avec le collectif Bordelais EGGREGOR. L&rsquo;ouverture du MAAD \u00e0 Bordeaux accueille 5 chefs pour f\u00eater l&rsquo;ouverture tant attendue de ce mus\u00e9e <\/p>\n\n\n\n<p><\/p>\n\n\n\n<p><\/p>\n\n\n\n<p><\/p>\n<\/div>\n\n\n\n<div class=\"wp-block-column is-layout-flow wp-block-column-is-layout-flow\">\n<h1 class=\"wp-block-heading has-text-align-center\">2026<\/h1>\n<\/div>\n<\/div>\n","protected":false},"excerpt":{"rendered":"<p>QUI SOMMES-NOUS ? Chef cuisinier &amp; Co-fondateur racjan PINATEL Rencontrez notre chef, dont le talent culinaire s&rsquo;est affin\u00e9 \u00e0 travers un parcours distingu\u00e9. Form\u00e9 dans l&rsquo;excellence de la restauration, il a brill\u00e9 dans les cuisines de lieux d&rsquo;exception tels que l&rsquo;Ursus \u00e0 Tignes, le Quatri\u00e8me Mur \u00e0 Bordeaux, et le Logis de la Cad\u00e8ne \u00e0 [&hellip;]<\/p>\n","protected":false},"author":1,"featured_media":0,"parent":0,"menu_order":0,"comment_status":"closed","ping_status":"closed","template":"","meta":{"_uag_custom_page_level_css":"","site-sidebar-layout":"no-sidebar","site-content-layout":"plain-container","ast-site-content-layout":"normal-width-container","site-content-style":"unboxed","site-sidebar-style":"unboxed","ast-global-header-display":"","ast-banner-title-visibility":"","ast-main-header-display":"","ast-hfb-above-header-display":"","ast-hfb-below-header-display":"","ast-hfb-mobile-header-display":"","site-post-title":"disabled","ast-breadcrumbs-content":"","ast-featured-img":"","footer-sml-layout":"","theme-transparent-header-meta":"enabled","adv-header-id-meta":"","stick-header-meta":"","header-above-stick-meta":"","header-main-stick-meta":"","header-below-stick-meta":"","astra-migrate-meta-layouts":"set","ast-page-background-enabled":"default","ast-page-background-meta":{"desktop":{"background-color":"var(--ast-global-color-4)","background-image":"","background-repeat":"repeat","background-position":"center center","background-size":"auto","background-attachment":"scroll","background-type":"","background-media":"","overlay-type":"","overlay-color":"","overlay-gradient":""},"tablet":{"background-color":"","background-image":"","background-repeat":"repeat","background-position":"center center","background-size":"auto","background-attachment":"scroll","background-type":"","background-media":"","overlay-type":"","overlay-color":"","overlay-gradient":""},"mobile":{"background-color":"","background-image":"","background-repeat":"repeat","background-position":"center center","background-size":"auto","background-attachment":"scroll","background-type":"","background-media":"","overlay-type":"","overlay-color":"","overlay-gradient":""}},"ast-content-background-meta":{"desktop":{"background-color":"var(--ast-global-color-5)","background-image":"","background-repeat":"repeat","background-position":"center center","background-size":"auto","background-attachment":"scroll","background-type":"","background-media":"","overlay-type":"","overlay-color":"","overlay-gradient":""},"tablet":{"background-color":"var(--ast-global-color-5)","background-image":"","background-repeat":"repeat","background-position":"center center","background-size":"auto","background-attachment":"scroll","background-type":"","background-media":"","overlay-type":"","overlay-color":"","overlay-gradient":""},"mobile":{"background-color":"var(--ast-global-color-5)","background-image":"","background-repeat":"repeat","background-position":"center center","background-size":"auto","background-attachment":"scroll","background-type":"","background-media":"","overlay-type":"","overlay-color":"","overlay-gradient":""}},"footnotes":""},"class_list":["post-616","page","type-page","status-publish","hentry"],"aioseo_notices":[],"uagb_featured_image_src":{"full":false,"thumbnail":false,"medium":false,"medium_large":false,"large":false,"1536x1536":false,"2048x2048":false},"uagb_author_info":{"display_name":"admin","author_link":"https:\/\/chezgn.fr\/?author=1"},"uagb_comment_info":0,"uagb_excerpt":"QUI SOMMES-NOUS ? Chef cuisinier &amp; Co-fondateur racjan PINATEL Rencontrez notre chef, dont le talent culinaire s&rsquo;est affin\u00e9 \u00e0 travers un parcours distingu\u00e9. Form\u00e9 dans l&rsquo;excellence de la restauration, il a brill\u00e9 dans les cuisines de lieux d&rsquo;exception tels que l&rsquo;Ursus \u00e0 Tignes, le Quatri\u00e8me Mur \u00e0 Bordeaux, et le Logis de la Cad\u00e8ne \u00e0\u2026","_links":{"self":[{"href":"https:\/\/chezgn.fr\/index.php?rest_route=\/wp\/v2\/pages\/616","targetHints":{"allow":["GET"]}}],"collection":[{"href":"https:\/\/chezgn.fr\/index.php?rest_route=\/wp\/v2\/pages"}],"about":[{"href":"https:\/\/chezgn.fr\/index.php?rest_route=\/wp\/v2\/types\/page"}],"author":[{"embeddable":true,"href":"https:\/\/chezgn.fr\/index.php?rest_route=\/wp\/v2\/users\/1"}],"replies":[{"embeddable":true,"href":"https:\/\/chezgn.fr\/index.php?rest_route=%2Fwp%2Fv2%2Fcomments&post=616"}],"version-history":[{"count":122,"href":"https:\/\/chezgn.fr\/index.php?rest_route=\/wp\/v2\/pages\/616\/revisions"}],"predecessor-version":[{"id":2504,"href":"https:\/\/chezgn.fr\/index.php?rest_route=\/wp\/v2\/pages\/616\/revisions\/2504"}],"wp:attachment":[{"href":"https:\/\/chezgn.fr\/index.php?rest_route=%2Fwp%2Fv2%2Fmedia&parent=616"}],"curies":[{"name":"wp","href":"https:\/\/api.w.org\/{rel}","templated":true}]}}